{"id":3197,"date":"2020-04-05T17:45:59","date_gmt":"2020-04-05T15:45:59","guid":{"rendered":"http:\/\/paroles-de-bibs.org\/?post_type=tribe_events&#038;p=3197"},"modified":"2020-04-05T17:45:59","modified_gmt":"2020-04-05T15:45:59","slug":"des-seances-de-courts-metrages-en-live-4","status":"publish","type":"tribe_events","link":"https:\/\/paroles-de-bibs.org\/?tribe_events=des-seances-de-courts-metrages-en-live-4","title":{"rendered":"Des s\u00e9ances de courts m\u00e9trages en live !"},"content":{"rendered":"<div class=\"fl-col-group fl-node-5e875b02c4ca7\" data-node=\"5e875b02c4ca7\">\n<div class=\"fl-col fl-node-5e875b02c4ca9\" data-node=\"5e875b02c4ca9\">\n<div class=\"fl-col-content fl-node-content\">\n<div id=\"prog4\" class=\"fl-module fl-module-heading fl-node-5e875b02c4caa\" data-node=\"5e875b02c4caa\">\n<div class=\"fl-module-content fl-node-content\">\n<h1><strong>Int\u00e9rieur Court<\/strong><\/h1>\n<h1><strong>Des s\u00e9ances de courts m\u00e9trages en live !<\/strong><\/h1>\n<p>&nbsp;<\/p>\n<p>Apr\u00e8s la premi\u00e8re op\u00e9ration d'&#8221;Int\u00e9rieur Court&#8221; mettant \u00e0 disposition les courts m\u00e9trages des \u00e9tudiants de l&#8217;\u00e9cole ArtFX (<a href=\"https:\/\/www.clermont-filmfest.org\/circuits-de-diffusion\/interieur-court\/\"><u>voir ici<\/u><\/a>) diffus\u00e9s lors de la derni\u00e8re \u00e9dition du festival, l&#8217;\u00e9quipe de Sauve qui peut le court m\u00e9trage se mobilise \u00e0 nouveau pour vous proposer une s\u00e9ance, en direct cette fois.<\/p>\n<p>4 programmes th\u00e9matiques ont \u00e9t\u00e9 \u00e9labor\u00e9s afin de vous permettre de partager une s\u00e9ance de courts m\u00e9trages tous ensemble et en respectant les mesures du confinement. Diffus\u00e9s en direct via le compte du festival sur la plateforme de live-stream <a href=\"https:\/\/www.twitch.tv\/clermontfilmfest\"><u>Twitch<\/u><\/a> (une premi\u00e8re mondiale !), vous aurez l&#8217;occasion de visionner ces programmes dans les conditions d&#8217;une s\u00e9ance de cin\u00e9ma virtuelle !<\/p>\n<p>Chaque semaine, nous vous proposerons donc un nouveau programme qui sera diffus\u00e9 en direct 2 fois : <strong>le jeudi et le dimanche \u00e0 18h<\/strong>. Ne loupez pas le cr\u00e9neau et passez le mot : il n&#8217;y a pas de limitation de places !<\/p>\n<p>&nbsp;<\/p>\n<h1 class=\"fl-heading\"><span class=\"fl-heading-text\">S\u00e9ance 4 : Un peu de l\u00e9g\u00e8ret\u00e9<\/span><\/h1>\n<div class=\"fl-module fl-module-rich-text fl-node-5e875b02c4ccc fl-animation fl-slide-left fl-animated\" data-node=\"5e875b02c4ccc\" data-animation-delay=\"0.1\">\n<div class=\"fl-module-content fl-node-content\">\n<div class=\"fl-rich-text\">\n<h3>Rions un peu en attendant la sortie !<\/h3>\n<h5><b>Assistez \u00e0 cette s\u00e9ance en direct sur Twitch jeudi 23\u00a0et dimanche 26\u00a0avril \u00e0 18h p\u00e9tantes !<\/b><\/h5>\n<p>&nbsp;<\/p>\n<\/div>\n<\/div>\n<div class=\"fl-col fl-node-5e875b02c4cac fl-col-has-cols\" data-node=\"5e875b02c4cac\">\n<div class=\"fl-col-content fl-node-content\">\n<div class=\"fl-col-group fl-node-5e875b02c4cad fl-col-group-nested\" data-node=\"5e875b02c4cad\">\n<div class=\"fl-col fl-node-5e875b02c4cb0 fl-col-small\" data-node=\"5e875b02c4cb0\">\n<div class=\"fl-col-content fl-node-content\">\n<div class=\"fl-module fl-module-rich-text fl-node-5e875b02c4cb1\" data-node=\"5e875b02c4cb1\">\n<div class=\"fl-module-content fl-node-content\">\n<div class=\"fl-rich-text\">\n<ul>\n<li><span style=\"font-size: 14pt;\"><strong><a href=\"http:\/\/my.clermont-filmfest.com\/index.php?&amp;m=213&amp;c=3&amp;id_film=200039165&amp;o=88\">Berlin Troika<\/a><\/strong><\/span><\/li>\n<\/ul>\n<div class=\"fl-col fl-node-5e875b02c4cae fl-col-small\" data-node=\"5e875b02c4cae\">\n<div class=\"fl-col-content fl-node-content\">\n<div class=\"fl-module fl-module-photo fl-node-5e875b02c4caf\" data-node=\"5e875b02c4caf\">\n<div class=\"fl-module-content fl-node-content\">\n<div class=\"fl-photo fl-photo-crop-panorama fl-photo-align-center\">\n<div class=\"fl-photo-content fl-photo-img-jpg\"><img loading=\"lazy\" class=\"fl-photo-img wp-image-18685  alignleft\" title=\"berlintroika\" src=\"https:\/\/www.clermont-filmfest.org\/wp-content\/uploads\/bb-plugin\/cache\/berlintroika-1024x576-panorama.jpg\" alt=\"berlintroika\" width=\"366\" height=\"183\" \/><\/div>\n<\/div>\n<\/div>\n<\/div>\n<\/div>\n<\/div>\n<p><a href=\"http:\/\/my.clermont-filmfest.com\/index.php?m=213&amp;c=4&amp;o=88&amp;id_pers=100363372\">Andrej Gontcharov<\/a> \/ Allemagne \/ 2013<\/p>\n<p>\/ Fiction \/ 11&#8242;<\/p>\n<p>Le jeune diplomate Konrad est recrut\u00e9 pour servir d&#8217;interpr\u00e8te entre les deux superpuissances en conflit, qui semblent tenir le sort de l&#8217;humanit\u00e9 entre leurs mains &#8211; une responsabilit\u00e9 absurde, qui repose par extension sur les \u00e9paules du jeune interpr\u00e8te.<\/p>\n<p>&nbsp;<\/p>\n<p>&nbsp;<\/p>\n<\/div>\n<\/div>\n<\/div>\n<p>&nbsp;<\/p>\n<\/div>\n<\/div>\n<\/div>\n<div class=\"fl-col-group fl-node-5e875b02c4cb2 fl-col-group-nested\" data-node=\"5e875b02c4cb2\">\n<div class=\"fl-col fl-node-5e875b02c4cb5 fl-col-small\" data-node=\"5e875b02c4cb5\">\n<div class=\"fl-col-content fl-node-content\">\n<div class=\"fl-module fl-module-rich-text fl-node-5e875b02c4cb6\" data-node=\"5e875b02c4cb6\">\n<div class=\"fl-module-content fl-node-content\">\n<div class=\"fl-rich-text\">\n<ul>\n<li><span style=\"font-size: 14pt;\"><strong><a href=\"http:\/\/my.clermont-filmfest.com\/index.php?&amp;m=226&amp;c=3&amp;id_film=200074646&amp;o=88&amp;m=213\">Vihta<\/a><\/strong><\/span><\/li>\n<\/ul>\n<div class=\"fl-col fl-node-5e875b02c4cb3 fl-col-small\" data-node=\"5e875b02c4cb3\">\n<div class=\"fl-col-content fl-node-content\">\n<div class=\"fl-module fl-module-photo fl-node-5e875b02c4cb4\" data-node=\"5e875b02c4cb4\">\n<div class=\"fl-module-content fl-node-content\">\n<div class=\"fl-photo fl-photo-crop-panorama fl-photo-align-center\">\n<div class=\"fl-photo-content fl-photo-img-jpg\"><img loading=\"lazy\" class=\"fl-photo-img wp-image-18691 size-full alignleft\" title=\"vihta\" src=\"https:\/\/www.clermont-filmfest.org\/wp-content\/uploads\/bb-plugin\/cache\/vihta-panorama.jpg\" alt=\"vihta\" width=\"347\" height=\"145\" \/><\/div>\n<\/div>\n<\/div>\n<\/div>\n<\/div>\n<\/div>\n<p><a href=\"http:\/\/my.clermont-filmfest.com\/index.php?m=213&amp;c=4&amp;o=88&amp;id_pers=100440564\">Fran\u00e7ois Bierry<\/a> \/ France, Belgique \/ 2017 \/ Fiction \/ 21&#8242;<\/p>\n<p>\ud83c\udfc6 Prix sp\u00e9cial du jury national Clermont-Fd 2018<\/p>\n<p>Serge et ses quatre coll\u00e8gues sont salari\u00e9s d&#8217;une petite entreprise, fra\u00eechement rachet\u00e9e par un grand groupe. En cadeau de bienvenue, ils sont convi\u00e9s par leur nouvel employeur \u00e0 une journ\u00e9e d\u00e9tente dans un centre thermal.<\/p>\n<p>&nbsp;<\/p>\n<p>&nbsp;<\/p>\n<\/div>\n<\/div>\n<p>&nbsp;<\/p>\n<\/div>\n<\/div>\n<\/div>\n<\/div>\n<div class=\"fl-col-group fl-node-5e875b02c4cb7 fl-col-group-nested\" data-node=\"5e875b02c4cb7\">\n<div class=\"fl-col fl-node-5e875b02c4cba fl-col-small\" data-node=\"5e875b02c4cba\">\n<div class=\"fl-col-content fl-node-content\">\n<div class=\"fl-module fl-module-rich-text fl-node-5e875b02c4cbb\" data-node=\"5e875b02c4cbb\">\n<div class=\"fl-module-content fl-node-content\">\n<div class=\"fl-rich-text\">\n<ul>\n<li><span style=\"font-size: 14pt;\"><strong><a href=\"http:\/\/my.clermont-filmfest.com\/index.php?&amp;m=213&amp;c=3&amp;id_film=100051980&amp;o=88\">Eramos Pocos (C&#8217;est la goutte d&#8217;eau&#8230;)<\/a><\/strong><\/span><\/li>\n<\/ul>\n<div class=\"fl-col fl-node-5e875b02c4cb8 fl-col-small\" data-node=\"5e875b02c4cb8\">\n<div class=\"fl-col-content fl-node-content\">\n<div class=\"fl-module fl-module-photo fl-node-5e875b02c4cb9\" data-node=\"5e875b02c4cb9\">\n<div class=\"fl-module-content fl-node-content\">\n<div class=\"fl-photo fl-photo-crop-panorama fl-photo-align-center\">\n<div class=\"fl-photo-content fl-photo-img-jpg\"><img loading=\"lazy\" class=\"fl-photo-img wp-image-18687  alignleft\" title=\"Eramos-pocos\" src=\"https:\/\/www.clermont-filmfest.org\/wp-content\/uploads\/bb-plugin\/cache\/Eramos-pocos-1024x683-panorama.jpg\" alt=\"Eramos-pocos\" width=\"352\" height=\"176\" \/><\/div>\n<\/div>\n<\/div>\n<\/div>\n<\/div>\n<\/div>\n<p><a href=\"http:\/\/my.clermont-filmfest.com\/index.php?m=213&amp;c=4&amp;o=88&amp;id_pers=100051998\">Borja Cobeaga<\/a> \/ Espagne \/ 2005 \/ Fiction \/ 16&#8242;<\/p>\n<p>Comp\u00e9tition internationale Clermont-Fd 2006<\/p>\n<p>Lorsque sa femme le quitte, Joaqu\u00edn, avec l&#8217;aide de son fils, d\u00e9cide de faire sortir sa belle-m\u00e8re de la maison de retraite pour qu&#8217;elle vienne faire les t\u00e2ches m\u00e9nag\u00e8res de la maison.<\/p>\n<p>&nbsp;<\/p>\n<p>&nbsp;<\/p>\n<p>&nbsp;<\/p>\n<\/div>\n<\/div>\n<\/div>\n<\/div>\n<\/div>\n<\/div>\n<div class=\"fl-col-group fl-node-5e875b02c4cbc fl-col-group-nested\" data-node=\"5e875b02c4cbc\">\n<div class=\"fl-col fl-node-5e875b02c4cbf fl-col-small\" data-node=\"5e875b02c4cbf\">\n<div class=\"fl-col-content fl-node-content\">\n<div class=\"fl-module fl-module-rich-text fl-node-5e875b02c4cc0\" data-node=\"5e875b02c4cc0\">\n<div class=\"fl-module-content fl-node-content\">\n<div class=\"fl-rich-text\">\n<ul>\n<li><span style=\"font-size: 14pt;\"><strong><a href=\"http:\/\/my.clermont-filmfest.com\/index.php?m=226&amp;c=3&amp;id_film=200040346&amp;o=88&amp;m=213\">Welkom<\/a><\/strong><\/span><\/li>\n<\/ul>\n<div class=\"fl-col fl-node-5e875b02c4cbd fl-col-small\" data-node=\"5e875b02c4cbd\">\n<div class=\"fl-col-content fl-node-content\">\n<div class=\"fl-module fl-module-photo fl-node-5e875b02c4cbe\" data-node=\"5e875b02c4cbe\">\n<div class=\"fl-module-content fl-node-content\">\n<div class=\"fl-photo fl-photo-crop-panorama fl-photo-align-center\">\n<div class=\"fl-photo-content fl-photo-img-jpg\"><img loading=\"lazy\" class=\"fl-photo-img wp-image-18693  alignleft\" title=\"welkom\" src=\"https:\/\/www.clermont-filmfest.org\/wp-content\/uploads\/bb-plugin\/cache\/welkom-1024x576-panorama.jpg\" alt=\"welkom\" width=\"378\" height=\"189\" \/><\/div>\n<\/div>\n<\/div>\n<\/div>\n<\/div>\n<\/div>\n<p><a href=\"http:\/\/my.clermont-filmfest.com\/index.php?m=213&amp;c=4&amp;o=88&amp;id_pers=100398515\">Pablo Munoz Gomez<\/a> \/ Belgique \/ 2013 \/ Fiction \/ 18&#8242;<\/p>\n<p>Comp\u00e9tition internationale Clermont-Fd 2014<\/p>\n<p>Jorge aime son p\u00e8re. Son p\u00e8re aime une poule. Jorge n&#8217;aime pas la poule, il veut la mettre dans un poulailler. Avant de construire ce poulailler, Jorge doit se procurer un permis de b\u00e2tir. Mais difficile d&#8217;obtenir quelque chose quand son jardin est en Flandre et qu&#8217;on ne parle pas le flamand.<\/p>\n<p>&nbsp;<\/p>\n<p>&nbsp;<\/p>\n<p>&nbsp;<\/p>\n<\/div>\n<\/div>\n<\/div>\n<\/div>\n<\/div>\n<\/div>\n<div class=\"fl-col-group fl-node-5e875b02c4cc1 fl-col-group-nested\" data-node=\"5e875b02c4cc1\">\n<div class=\"fl-col fl-node-5e875b02c4cc4 fl-col-small\" data-node=\"5e875b02c4cc4\">\n<div class=\"fl-col-content fl-node-content\">\n<div class=\"fl-module fl-module-rich-text fl-node-5e875b02c4cc5\" data-node=\"5e875b02c4cc5\">\n<div class=\"fl-module-content fl-node-content\">\n<div class=\"fl-rich-text\">\n<ul>\n<li><span style=\"font-size: 14pt;\"><strong><a href=\"http:\/\/my.clermont-filmfest.com\/index.php?&amp;m=226&amp;c=3&amp;id_film=100005685&amp;o=88&amp;m=213\">Les pieds sous la table<\/a><\/strong><\/span><\/li>\n<\/ul>\n<div class=\"fl-col fl-node-5e875b02c4cc2 fl-col-small\" data-node=\"5e875b02c4cc2\">\n<div class=\"fl-col-content fl-node-content\">\n<div class=\"fl-module fl-module-photo fl-node-5e875b02c4cc3\" data-node=\"5e875b02c4cc3\">\n<div class=\"fl-module-content fl-node-content\">\n<div class=\"fl-photo fl-photo-crop-panorama fl-photo-align-center\">\n<div class=\"fl-photo-content fl-photo-img-jpg\"><img loading=\"lazy\" class=\"fl-photo-img wp-image-18689  alignleft\" title=\"les.pieds.sous.la.table_morel_v1\" src=\"https:\/\/www.clermont-filmfest.org\/wp-content\/uploads\/bb-plugin\/cache\/les.pieds_.sous_.la_.table_morel_v1-1024x687-panorama.jpg\" alt=\"les.pieds.sous.la.table_morel_v1\" width=\"362\" height=\"181\" \/><\/div>\n<\/div>\n<\/div>\n<\/div>\n<\/div>\n<\/div>\n<p><a href=\"http:\/\/my.clermont-filmfest.com\/index.php?m=213&amp;c=4&amp;o=88&amp;id_pers=100103203\">Marc-Henri Dufresne<\/a>, <a href=\"http:\/\/my.clermont-filmfest.com\/index.php?m=213&amp;c=4&amp;o=88&amp;id_pers=100007101\">Fran\u00e7ois Morel<\/a> \/ France \/ 1993 \/ Fiction \/ 08&#8242;<\/p>\n<p>\ud83c\udfc6 Mention sp\u00e9ciale du jury national Clermont-Fd 1994<\/p>\n<p>Maurice et Lucien vivent tous les deux dans la m\u00eame rue, de la m\u00eame banlieue. L&#8217;un est c\u00e9libataire, l&#8217;autre veuf.<\/p>\n<p>&nbsp;<\/p>\n<p>&nbsp;<\/p>\n<p>&nbsp;<\/p>\n<\/div>\n<\/div>\n<\/div>\n<\/div>\n<\/div>\n<\/div>\n<\/div>\n<\/div>\n<\/div>\n<\/div>\n<\/div>\n<\/div>\n<\/div>\n<\/div>\n<p>&nbsp;<\/p>\n<p>&nbsp;<\/p>\n<p>&nbsp;<\/p>\n<p style=\"text-align: center;\"><strong>S\u00e9ance en live &#8211; Mode d&#8217;emploi <\/strong><\/p>\n<p>&nbsp;<\/p>\n<p><img loading=\"lazy\" class=\"aligncenter\" src=\"http:\/\/3s9l.mj.am\/img\/3s9l\/b\/m68k5\/vv2jx.jpeg\" alt=\"\" width=\"550\" height=\"auto\" \/><\/p>\n<p>&nbsp;<\/p>\n<div class=\"fl-module fl-module-rich-text fl-node-5e875b02c4ccc fl-animation fl-slide-left fl-animated\" data-node=\"5e875b02c4ccc\" data-animation-delay=\"0.1\">\n<div class=\"fl-module-content fl-node-content\">\n<div class=\"fl-rich-text\">\n<h5><\/h5>\n<h5><b>Assistez \u00e0 cette s\u00e9ance en direct sur Twitch jeudi 23\u00a0et dimanche 26\u00a0avril \u00e0 18h p\u00e9tantes !<\/b><\/h5>\n<p>&nbsp;<\/p>\n<\/div>\n<\/div>\n<\/div>\n<div class=\"fl-module fl-module-button fl-node-5e875b02c4ccd\" data-node=\"5e875b02c4ccd\">\n<div class=\"fl-module-content fl-node-content\">\n<div class=\"fl-button-wrap fl-button-width-full fl-button-left fl-button-has-icon\" style=\"text-align: center;\"><a class=\"fl-button\" role=\"button\" href=\"https:\/\/www.twitch.tv\/clermontfilmfest\" target=\"_blank\" rel=\"noopener noreferrer\"> <i class=\"fl-button-icon fl-button-icon-before fas fa-play\"><\/i> <span style=\"font-size: 18pt;\"><strong><span class=\"fl-button-text\" style=\"color: #ff0000;\">Acc\u00e9der \u00e0 la s\u00e9ance en live <\/span><\/strong><\/span><\/a><\/div>\n<\/div>\n<\/div>\n<div class=\"fl-module fl-module-rich-text fl-node-5e875b02c4cce\" data-node=\"5e875b02c4cce\">\n<div class=\"fl-module-content fl-node-content\">\n<div class=\"fl-rich-text\"><\/div>\n<\/div>\n<\/div>\n<div class=\"fl-countdown-number fl-countdown-seconds\">\n<div class=\"fl-countdown-unit\">\n<div class=\"fl-countdown-unit-label\" data-label=\"{&quot;singular&quot;:&quot;Seconde&quot;,&quot;plural&quot;:&quot;Secondes&quot;}\"><\/div>\n<\/div>\n<div class=\"fl-countdown-circle-container\">\n<div class=\"svg-container\"><\/div>\n<\/div>\n<\/div>\n<div class=\"fl-module fl-module-countdown fl-node-5e875b02c4ccf\" data-node=\"5e875b02c4ccf\">\n<div class=\"fl-module-content fl-node-content\">\n<div class=\"fl-countdown\">\n<div class=\"fl-countdown-number fl-countdown-seconds\">\n<div class=\"fl-countdown-circle-container\">\n<div class=\"svg-container\"><\/div>\n<\/div>\n<\/div>\n<\/div>\n<\/div>\n<\/div>\n<div class=\"fl-module fl-module-rich-text fl-node-5e875b02c4cd0 fl-animation fl-slide-left fl-animated\" data-node=\"5e875b02c4cd0\" data-animation-delay=\"0.1\">\n<div class=\"fl-module-content fl-node-content\">\n<div class=\"fl-rich-text\">\n<h5><em>Nul besoin de se cr\u00e9er un compte, il suffit de rendre sur cette page pour profiter de la s\u00e9ance en direct aux cr\u00e9neaux indiqu\u00e9s ci-dessus. Pour communiquer en live via le chat de Twitch (optionnel), il suffit de s&#8217;inscrire sur la plateforme en cliquant sur le bouton &#8220;S&#8217;inscrire&#8221; en haut \u00e0 droite.<\/em><\/h5>\n<\/div>\n<\/div>\n<\/div>\n<h5><strong>Merci aux cha\u00eenes de t\u00e9l\u00e9vision, r\u00e9alisateurs, distributeurs, producteurs et ayants droit pour avoir donn\u00e9 leur accord pour la diffusion de ces films en ligne.<\/strong><\/h5>\n<p>&nbsp;<\/p>\n","protected":false},"excerpt":{"rendered":"<p>Int\u00e9rieur Court Des s\u00e9ances de courts m\u00e9trages en live ! &nbsp; Apr\u00e8s la premi\u00e8re op\u00e9ration d&#8217;&#8221;Int\u00e9rieur Court&#8221; mettant \u00e0 disposition les courts m\u00e9trages des \u00e9tudiants de l&#8217;\u00e9cole ArtFX (voir ici) ...<\/p>","protected":false},"author":1,"featured_media":3171,"comment_status":"open","ping_status":"closed","template":"","meta":[],"tags":[],"tribe_events_cat":[293],"_links":{"self":[{"href":"https:\/\/paroles-de-bibs.org\/index.php?rest_route=\/wp\/v2\/tribe_events\/3197"}],"collection":[{"href":"https:\/\/paroles-de-bibs.org\/index.php?rest_route=\/wp\/v2\/tribe_events"}],"about":[{"href":"https:\/\/paroles-de-bibs.org\/index.php?rest_route=\/wp\/v2\/types\/tribe_events"}],"author":[{"embeddable":true,"href":"https:\/\/paroles-de-bibs.org\/index.php?rest_route=\/wp\/v2\/users\/1"}],"replies":[{"embeddable":true,"href":"https:\/\/paroles-de-bibs.org\/index.php?rest_route=%2Fwp%2Fv2%2Fcomments&post=3197"}],"version-history":[{"count":3,"href":"https:\/\/paroles-de-bibs.org\/index.php?rest_route=\/wp\/v2\/tribe_events\/3197\/revisions"}],"predecessor-version":[{"id":3200,"href":"https:\/\/paroles-de-bibs.org\/index.php?rest_route=\/wp\/v2\/tribe_events\/3197\/revisions\/3200"}],"wp:featuredmedia":[{"embeddable":true,"href":"https:\/\/paroles-de-bibs.org\/index.php?rest_route=\/wp\/v2\/media\/3171"}],"wp:attachment":[{"href":"https:\/\/paroles-de-bibs.org\/index.php?rest_route=%2Fwp%2Fv2%2Fmedia&parent=3197"}],"wp:term":[{"taxonomy":"post_tag","embeddable":true,"href":"https:\/\/paroles-de-bibs.org\/index.php?rest_route=%2Fwp%2Fv2%2Ftags&post=3197"},{"taxonomy":"tribe_events_cat","embeddable":true,"href":"https:\/\/paroles-de-bibs.org\/index.php?rest_route=%2Fwp%2Fv2%2Ftribe_events_cat&post=3197"}],"curies":[{"name":"wp","href":"https:\/\/api.w.org\/{rel}","templated":true}]}}