{"id":3190,"date":"2020-04-05T17:35:55","date_gmt":"2020-04-05T15:35:55","guid":{"rendered":"http:\/\/paroles-de-bibs.org\/?post_type=tribe_events&#038;p=3190"},"modified":"2020-04-05T17:35:55","modified_gmt":"2020-04-05T15:35:55","slug":"des-seances-de-courts-metrages-en-live-3","status":"publish","type":"tribe_events","link":"https:\/\/paroles-de-bibs.org\/?tribe_events=des-seances-de-courts-metrages-en-live-3","title":{"rendered":"Des s\u00e9ances de courts m\u00e9trages en live !"},"content":{"rendered":"<h1><strong>Int\u00e9rieur Court<\/strong><\/h1>\n<h1><strong>Des s\u00e9ances de courts m\u00e9trages en live !<\/strong><\/h1>\n<p>&nbsp;<\/p>\n<p>Apr\u00e8s la premi\u00e8re op\u00e9ration d'&#8221;Int\u00e9rieur Court&#8221; mettant \u00e0 disposition les courts m\u00e9trages des \u00e9tudiants de l&#8217;\u00e9cole ArtFX (<a href=\"https:\/\/www.clermont-filmfest.org\/circuits-de-diffusion\/interieur-court\/\"><u>voir ici<\/u><\/a>) diffus\u00e9s lors de la derni\u00e8re \u00e9dition du festival, l&#8217;\u00e9quipe de Sauve qui peut le court m\u00e9trage se mobilise \u00e0 nouveau pour vous proposer une s\u00e9ance, en direct cette fois.<\/p>\n<p>4 programmes th\u00e9matiques ont \u00e9t\u00e9 \u00e9labor\u00e9s afin de vous permettre de partager une s\u00e9ance de courts m\u00e9trages tous ensemble et en respectant les mesures du confinement. Diffus\u00e9s en direct via le compte du festival sur la plateforme de live-stream <a href=\"https:\/\/www.twitch.tv\/clermontfilmfest\"><u>Twitch<\/u><\/a> (une premi\u00e8re mondiale !), vous aurez l&#8217;occasion de visionner ces programmes dans les conditions d&#8217;une s\u00e9ance de cin\u00e9ma virtuelle !<\/p>\n<p>Chaque semaine, nous vous proposerons donc un nouveau programme qui sera diffus\u00e9 en direct 2 fois : <strong>le jeudi et le dimanche \u00e0 18h<\/strong>. Ne loupez pas le cr\u00e9neau et passez le mot : il n&#8217;y a pas de limitation de places !<\/p>\n<p>&nbsp;<\/p>\n<h1 class=\"fl-heading\"><span class=\"fl-heading-text\">S\u00e9ance 3 : Du court au long<\/span><\/h1>\n<div class=\"fl-module fl-module-rich-text fl-node-5e876fdfe68c8 fl-animation fl-slide-left fl-animated\" data-node=\"5e876fdfe68c8\" data-animation-delay=\"0.1\">\n<div class=\"fl-module-content fl-node-content\">\n<div class=\"fl-rich-text\">\n<h3>4 courts m\u00e9trages remarqu\u00e9s et remarquables devenus longs.<\/h3>\n<h5><b>Assistez \u00e0 cette s\u00e9ance en direct sur Twitch jeudi 16\u00a0 et dimanche 19\u00a0avril \u00e0 18h p\u00e9tantes !<\/b><\/h5>\n<p>&nbsp;<\/p>\n<div class=\"fl-col fl-node-5e876fdfe68a8 fl-col-has-cols\" data-node=\"5e876fdfe68a8\">\n<div class=\"fl-col-content fl-node-content\">\n<div class=\"fl-col-group fl-node-5e876fdfe68a9 fl-col-group-nested\" data-node=\"5e876fdfe68a9\">\n<div class=\"fl-col fl-node-5e876fdfe68aa fl-col-small\" data-node=\"5e876fdfe68aa\">\n<div class=\"fl-col-content fl-node-content\">\n<div class=\"fl-module fl-module-rich-text fl-node-5e876fdfe68ad\" data-node=\"5e876fdfe68ad\">\n<div class=\"fl-module-content fl-node-content\">\n<div class=\"fl-rich-text\">\n<ul>\n<li><span style=\"font-size: 14pt;\"><strong><a href=\"http:\/\/my.clermont-filmfest.com\/index.php?&amp;m=213&amp;c=3&amp;id_film=200055433&amp;o=88\">Greener Grass (L&#8217;herbe sera plus verte)<\/a><\/strong><\/span><\/li>\n<\/ul>\n<div class=\"fl-module fl-module-photo fl-node-5e876fdfe68ab\" data-node=\"5e876fdfe68ab\">\n<div class=\"fl-module-content fl-node-content\">\n<div class=\"fl-photo fl-photo-crop-panorama fl-photo-align-center\">\n<div class=\"fl-photo-content fl-photo-img-jpg\"><img loading=\"lazy\" class=\"fl-photo-img wp-image-18667  alignleft\" title=\"greener\" src=\"https:\/\/www.clermont-filmfest.org\/wp-content\/uploads\/bb-plugin\/cache\/greener-panorama.jpg\" alt=\"greener\" width=\"447\" height=\"224\" \/><\/div>\n<\/div>\n<\/div>\n<\/div>\n<div class=\"fl-col fl-node-5e876fdfe68ac fl-col-small\" data-node=\"5e876fdfe68ac\">\n<div class=\"fl-col-content fl-node-content\">\n<div class=\"fl-module fl-module-photo fl-node-5e87731bb5032\" data-node=\"5e87731bb5032\">\n<div class=\"fl-module-content fl-node-content\">\n<div class=\"fl-photo fl-photo-align-center\">\n<div class=\"fl-photo-content fl-photo-img-jpg\"><img loading=\"lazy\" class=\"fl-photo-img wp-image-18669  alignnone\" title=\"greenergrass-affiche\" src=\"https:\/\/www.clermont-filmfest.org\/wp-content\/uploads\/2020\/04\/greenergrass-affiche.jpg\" sizes=\"(max-width: 1084px) 100vw, 1084px\" srcset=\"https:\/\/www.clermont-filmfest.org\/wp-content\/uploads\/2020\/04\/greenergrass-affiche.jpg 1084w, https:\/\/www.clermont-filmfest.org\/wp-content\/uploads\/2020\/04\/greenergrass-affiche-203x300.jpg 203w, https:\/\/www.clermont-filmfest.org\/wp-content\/uploads\/2020\/04\/greenergrass-affiche-694x1024.jpg 694w, https:\/\/www.clermont-filmfest.org\/wp-content\/uploads\/2020\/04\/greenergrass-affiche-768x1134.jpg 768w, https:\/\/www.clermont-filmfest.org\/wp-content\/uploads\/2020\/04\/greenergrass-affiche-1041x1536.jpg 1041w\" alt=\"greenergrass-affiche\" width=\"273\" height=\"403\" \/><\/div>\n<\/div>\n<\/div>\n<\/div>\n<\/div>\n<\/div>\n<p><a href=\"http:\/\/my.clermont-filmfest.com\/index.php?m=213&amp;c=4&amp;o=88&amp;id_pers=100493049\">Paul Briganti<\/a> \/ \u00c9tats-Unis \/ 2015 \/ Fiction \/ 15&#8242;<\/p>\n<p>\ud83c\udfc6 Prix CANAL+ labo Clermont-Fd 2016<\/p>\n<p>Deux super mamans, Jill et Lisa, feraient vraiment n&#8217;importe quoi pour se faire bien voir. Un univers surr\u00e9aliste o\u00f9 l&#8217;on s&#8217;inflige une souffrance dans l&#8217;espoir d&#8217;une r\u00e9compense future &#8211; ou du moins, d&#8217;un sourire impeccable.<\/p>\n<p>&nbsp;<\/p>\n<\/div>\n<p>&nbsp;<\/p>\n<\/div>\n<\/div>\n<\/div>\n<\/div>\n<\/div>\n<div class=\"fl-module fl-module-separator fl-node-5e8773fe576f3\" data-node=\"5e8773fe576f3\">\n<div class=\"fl-module-content fl-node-content\">\n<div class=\"fl-separator\"><\/div>\n<\/div>\n<\/div>\n<div class=\"fl-col-group fl-node-5e876fdfe68ae fl-col-group-nested\" data-node=\"5e876fdfe68ae\">\n<div class=\"fl-col fl-node-5e876fdfe68af fl-col-small\" data-node=\"5e876fdfe68af\">\n<div class=\"fl-col-content fl-node-content\">\n<div class=\"fl-module fl-module-rich-text fl-node-5e876fdfe68b2\" data-node=\"5e876fdfe68b2\">\n<div class=\"fl-module-content fl-node-content\">\n<div class=\"fl-rich-text\">\n<ul>\n<li><span style=\"font-size: 14pt;\"><strong><a href=\"http:\/\/my.clermont-filmfest.com\/index.php?&amp;m=226&amp;c=3&amp;id_film=200058802&amp;o=88&amp;m=213\">L&#8217;enfance d&#8217;un chef<\/a><\/strong><\/span><\/li>\n<\/ul>\n<div class=\"fl-module fl-module-photo fl-node-5e876fdfe68b0\" data-node=\"5e876fdfe68b0\">\n<div class=\"fl-module-content fl-node-content\">\n<div class=\"fl-photo fl-photo-crop-panorama fl-photo-align-center\">\n<div class=\"fl-photo-content fl-photo-img-jpg\"><img loading=\"lazy\" class=\"fl-photo-img wp-image-18665  alignleft\" title=\"Enfance-chef\" src=\"https:\/\/www.clermont-filmfest.org\/wp-content\/uploads\/bb-plugin\/cache\/Enfance-chef-1024x576-panorama.jpg\" alt=\"Enfance-chef\" width=\"364\" height=\"182\" \/><\/p>\n<div class=\"fl-col fl-node-5e876fdfe68b1 fl-col-small\" data-node=\"5e876fdfe68b1\">\n<div class=\"fl-col-content fl-node-content\">\n<div class=\"fl-module fl-module-photo fl-node-5e877340edc6b\" data-node=\"5e877340edc6b\">\n<div class=\"fl-module-content fl-node-content\">\n<div class=\"fl-photo fl-photo-align-center\">\n<div class=\"fl-photo-content fl-photo-img-jpg\"><img loading=\"lazy\" class=\"fl-photo-img wp-image-18675 \" title=\"mesjoursdegloire\" src=\"https:\/\/www.clermont-filmfest.org\/wp-content\/uploads\/2020\/04\/mesjoursdegloire.jpg\" sizes=\"(max-width: 810px) 100vw, 810px\" srcset=\"https:\/\/www.clermont-filmfest.org\/wp-content\/uploads\/2020\/04\/mesjoursdegloire.jpg 810w, https:\/\/www.clermont-filmfest.org\/wp-content\/uploads\/2020\/04\/mesjoursdegloire-225x300.jpg 225w, https:\/\/www.clermont-filmfest.org\/wp-content\/uploads\/2020\/04\/mesjoursdegloire-768x1024.jpg 768w\" alt=\"mesjoursdegloire\" width=\"269\" height=\"359\" \/><\/div>\n<div><\/div>\n<\/div>\n<\/div>\n<\/div>\n<\/div>\n<\/div>\n<\/div>\n<\/div>\n<\/div>\n<\/div>\n<p><a href=\"http:\/\/my.clermont-filmfest.com\/index.php?m=213&amp;c=4&amp;o=88&amp;id_pers=100443738\">Antoine de Bary<\/a> \/ France \/ 2016 \/ Fiction \/ 15&#8242;<\/p>\n<p>\ud83c\udfc6 Mention sp\u00e9ciale du jury national Clermont-Fd 2017<\/p>\n<p>Vincent a 20 ans, c&#8217;est un com\u00e9dien \u00e0 succ\u00e8s, il est reconnu et appr\u00e9ci\u00e9 de la critique autant que du public. Si bien qu&#8217;on lui a offert le r\u00f4le du film de l&#8217;ann\u00e9e : le biopic sur la jeunesse de Charles de Gaulle. Pour lui, c&#8217;est le d\u00e9but d&#8217;une nouvelle vie, aussi effrayante que solitaire.<\/p>\n<p>&nbsp;<\/p>\n<\/div>\n<\/div>\n<\/div>\n<\/div>\n<\/div>\n<\/div>\n<div class=\"fl-module fl-module-separator fl-node-5e877404536c1\" data-node=\"5e877404536c1\">\n<div class=\"fl-module-content fl-node-content\">\n<div class=\"fl-separator\"><\/div>\n<\/div>\n<\/div>\n<div class=\"fl-col-group fl-node-5e876fdfe68b3 fl-col-group-nested\" data-node=\"5e876fdfe68b3\">\n<div class=\"fl-col fl-node-5e876fdfe68b4 fl-col-small\" data-node=\"5e876fdfe68b4\">\n<div class=\"fl-col-content fl-node-content\">\n<div class=\"fl-module fl-module-rich-text fl-node-5e876fdfe68b7\" data-node=\"5e876fdfe68b7\">\n<div class=\"fl-module-content fl-node-content\">\n<div class=\"fl-rich-text\">\n<ul>\n<li><span style=\"font-size: 14pt;\"><strong><a href=\"http:\/\/my.clermont-filmfest.com\/index.php?&amp;m=226&amp;c=3&amp;id_film=200066211&amp;o=88&amp;m=213\">Les Mis\u00e9rables<\/a><\/strong><\/span><\/li>\n<\/ul>\n<div class=\"fl-module fl-module-photo fl-node-5e876fdfe68b5\" data-node=\"5e876fdfe68b5\">\n<div class=\"fl-module-content fl-node-content\">\n<div class=\"fl-photo fl-photo-crop-panorama fl-photo-align-center\">\n<div class=\"fl-photo-content fl-photo-img-png\"><img loading=\"lazy\" class=\"fl-photo-img wp-image-18679  alignleft\" title=\"miserables\" src=\"https:\/\/www.clermont-filmfest.org\/wp-content\/uploads\/bb-plugin\/cache\/miserables-1024x640-panorama.png\" alt=\"miserables\" width=\"440\" height=\"220\" \/><\/p>\n<div class=\"fl-col fl-node-5e876fdfe68b6 fl-col-small\" data-node=\"5e876fdfe68b6\">\n<div class=\"fl-col-content fl-node-content\">\n<div class=\"fl-module fl-module-photo fl-node-5e87736346503\" data-node=\"5e87736346503\">\n<div class=\"fl-module-content fl-node-content\">\n<div class=\"fl-photo fl-photo-align-center\">\n<div class=\"fl-photo-content fl-photo-img-jpg\"><img loading=\"lazy\" class=\"fl-photo-img wp-image-18681 \" title=\"miserables_affiche\" src=\"https:\/\/www.clermont-filmfest.org\/wp-content\/uploads\/2020\/04\/miserables_affiche.jpg\" sizes=\"(max-width: 1200px) 100vw, 1200px\" srcset=\"https:\/\/www.clermont-filmfest.org\/wp-content\/uploads\/2020\/04\/miserables_affiche.jpg 1200w, https:\/\/www.clermont-filmfest.org\/wp-content\/uploads\/2020\/04\/miserables_affiche-225x300.jpg 225w, https:\/\/www.clermont-filmfest.org\/wp-content\/uploads\/2020\/04\/miserables_affiche-768x1024.jpg 768w, https:\/\/www.clermont-filmfest.org\/wp-content\/uploads\/2020\/04\/miserables_affiche-1152x1536.jpg 1152w\" alt=\"miserables_affiche\" width=\"307\" height=\"409\" \/><\/div>\n<\/div>\n<\/div>\n<\/div>\n<\/div>\n<\/div>\n<\/div>\n<\/div>\n<\/div>\n<\/div>\n<p><a href=\"http:\/\/my.clermont-filmfest.com\/index.php?m=213&amp;c=4&amp;o=88&amp;id_pers=100498911\">Ladj Ly<\/a> \/ France \/ 2016 \/ Fiction \/ 16&#8242;<\/p>\n<p>\ud83c\udfc6 Prix CANAL+ national Clermont-Fd 2017<\/p>\n<p>SIG-Sauer \u00e0 la ceinture et Tonfa \u00e0 la main, Pento vient d&#8217;int\u00e9grer la brigade anti-criminalit\u00e9 de la Seine-Saint-Denis. Au contact de ses deux co\u00e9quipiers, il d\u00e9veloppe des m\u00e9thodes particuli\u00e8res.<\/p>\n<p>&nbsp;<\/p>\n<p>&nbsp;<\/p>\n<\/div>\n<\/div>\n<\/div>\n<\/div>\n<\/div>\n<\/div>\n<div class=\"fl-module fl-module-separator fl-node-5e87740bec3ca\" data-node=\"5e87740bec3ca\">\n<div class=\"fl-module-content fl-node-content\">\n<div class=\"fl-separator\"><\/div>\n<\/div>\n<\/div>\n<div class=\"fl-col-group fl-node-5e876fdfe68b8 fl-col-group-nested\" data-node=\"5e876fdfe68b8\">\n<div class=\"fl-col fl-node-5e876fdfe68b9 fl-col-small\" data-node=\"5e876fdfe68b9\">\n<div class=\"fl-col-content fl-node-content\">\n<div class=\"fl-module fl-module-rich-text fl-node-5e876fdfe68bc\" data-node=\"5e876fdfe68bc\">\n<div class=\"fl-module-content fl-node-content\">\n<div class=\"fl-rich-text\">\n<ul>\n<li><span style=\"font-size: 14pt;\"><strong><a href=\"http:\/\/my.clermont-filmfest.com\/index.php?&amp;m=213&amp;c=3&amp;id_film=200041829&amp;o=88\">Inupiluk<\/a><\/strong><\/span><\/li>\n<\/ul>\n<div class=\"fl-module fl-module-photo fl-node-5e876fdfe68ba\" data-node=\"5e876fdfe68ba\">\n<div class=\"fl-module-content fl-node-content\">\n<div class=\"fl-photo fl-photo-crop-panorama fl-photo-align-center\">\n<div class=\"fl-photo-content fl-photo-img-jpg\"><img loading=\"lazy\" class=\"fl-photo-img wp-image-18673  alignleft\" title=\"inupiluk\" src=\"https:\/\/www.clermont-filmfest.org\/wp-content\/uploads\/bb-plugin\/cache\/inupiluk-1024x576-panorama.jpg\" alt=\"inupiluk\" width=\"384\" height=\"192\" \/><\/p>\n<div class=\"fl-col fl-node-5e876fdfe68bb fl-col-small\" data-node=\"5e876fdfe68bb\">\n<div class=\"fl-col-content fl-node-content\">\n<div class=\"fl-module fl-module-photo fl-node-5e8773df4c273\" data-node=\"5e8773df4c273\">\n<div class=\"fl-module-content fl-node-content\">\n<div class=\"fl-photo fl-photo-align-center\">\n<div class=\"fl-photo-content fl-photo-img-jpg\"><img loading=\"lazy\" class=\"fl-photo-img wp-image-18671 \" title=\"inupiluk-affiche\" src=\"https:\/\/www.clermont-filmfest.org\/wp-content\/uploads\/2020\/04\/inupiluk-affiche-754x1024.jpg\" sizes=\"(max-width: 754px) 100vw, 754px\" srcset=\"https:\/\/www.clermont-filmfest.org\/wp-content\/uploads\/2020\/04\/inupiluk-affiche-754x1024.jpg 754w, https:\/\/www.clermont-filmfest.org\/wp-content\/uploads\/2020\/04\/inupiluk-affiche-221x300.jpg 221w, https:\/\/www.clermont-filmfest.org\/wp-content\/uploads\/2020\/04\/inupiluk-affiche-768x1043.jpg 768w, https:\/\/www.clermont-filmfest.org\/wp-content\/uploads\/2020\/04\/inupiluk-affiche-1131x1536.jpg 1131w, https:\/\/www.clermont-filmfest.org\/wp-content\/uploads\/2020\/04\/inupiluk-affiche.jpg 1178w\" alt=\"inupiluk-affiche\" width=\"287\" height=\"390\" \/><\/div>\n<\/div>\n<\/div>\n<\/div>\n<\/div>\n<\/div>\n<\/div>\n<\/div>\n<\/div>\n<\/div>\n<p><a href=\"http:\/\/my.clermont-filmfest.com\/index.php?m=213&amp;c=4&amp;o=88&amp;id_pers=100041364\">S\u00e9bastien Betbeder<\/a> \/ France \/ 2014 \/ Fiction \/ 34&#8242;<\/p>\n<p>\ud83c\udfc6 Prix du public national Clermont-Fd 2014<\/p>\n<p>Ce soir, comme deux, trois ou quatre fois par semaine, Thomas rejoint Thomas au caf\u00e9 o\u00f9 ils ont leurs habitudes. Mais Thomas a l&#8217;esprit ailleurs, \u00e0 l\u2019autre bout du monde, dans les plaines enneig\u00e9es du Groenland o\u00f9 vit son p\u00e8re.<\/p>\n<\/div>\n<p>&nbsp;<\/p>\n<p>&nbsp;<\/p>\n<\/div>\n<\/div>\n<\/div>\n<\/div>\n<\/div>\n<\/div>\n<\/div>\n<div class=\"fl-col fl-node-5e876fdfe68c7 fl-col-small\" data-node=\"5e876fdfe68c7\">\n<div class=\"fl-col-content fl-node-content\">\n<h5><\/h5>\n<div class=\"fl-module fl-module-button fl-node-5e876fdfe68c9\" data-node=\"5e876fdfe68c9\">\n<div class=\"fl-module-content fl-node-content\">\n<div>\n<p style=\"text-align: center;\"><strong>S\u00e9ance en live &#8211; Mode d&#8217;emploi <\/strong><\/p>\n<p>&nbsp;<\/p>\n<p><img loading=\"lazy\" class=\"aligncenter\" src=\"http:\/\/3s9l.mj.am\/img\/3s9l\/b\/m68k5\/vv2jx.jpeg\" alt=\"\" width=\"550\" height=\"auto\" \/><\/p>\n<\/div>\n<div><\/div>\n<div class=\"fl-button-wrap fl-button-width-full fl-button-left fl-button-has-icon\" style=\"text-align: center;\"><strong><a class=\"fl-button\" role=\"button\" href=\"https:\/\/www.twitch.tv\/clermontfilmfest\" target=\"_blank\" rel=\"noopener noreferrer\"> <i class=\"fl-button-icon fl-button-icon-before fas fa-play\"><\/i> <span class=\"fl-button-text\" style=\"font-size: 14pt; color: #ff0000;\">Acc\u00e9der \u00e0 la s\u00e9ance en live <\/span><\/a><\/strong><\/div>\n<\/div>\n<\/div>\n<div class=\"fl-module fl-module-rich-text fl-node-5e876fdfe68ca\" data-node=\"5e876fdfe68ca\">\n<div class=\"fl-module-content fl-node-content\">\n<div class=\"fl-rich-text\"><\/div>\n<\/div>\n<\/div>\n<\/div>\n<\/div>\n<div class=\"fl-countdown-number fl-countdown-seconds\">\n<div class=\"fl-countdown-circle-container\">\n<div class=\"svg-container\"><\/div>\n<\/div>\n<\/div>\n<div class=\"fl-module fl-module-countdown fl-node-5e876fdfe68cb\" data-node=\"5e876fdfe68cb\">\n<div class=\"fl-module-content fl-node-content\">\n<div class=\"fl-countdown\">\n<div class=\"fl-countdown-number fl-countdown-seconds\">\n<div class=\"fl-countdown-circle-container\">\n<div class=\"svg-container\"><\/div>\n<\/div>\n<\/div>\n<\/div>\n<\/div>\n<\/div>\n<div class=\"fl-module fl-module-rich-text fl-node-5e876fdfe68cc fl-animation fl-slide-left fl-animated\" data-node=\"5e876fdfe68cc\" data-animation-delay=\"0.1\">\n<div class=\"fl-module-content fl-node-content\">\n<div class=\"fl-rich-text\">\n<h5><em>Nul besoin de se cr\u00e9er un compte, il suffit de rendre sur cette page pour profiter de la s\u00e9ance en direct aux cr\u00e9neaux indiqu\u00e9s ci-dessus. Pour communiquer en live via le chat de Twitch (optionnel), il suffit de s&#8217;inscrire sur la plateforme en cliquant sur le bouton &#8220;S&#8217;inscrire&#8221; en haut \u00e0 droite.<\/em><\/h5>\n<p>&nbsp;<\/p>\n<h5><strong>Merci aux cha\u00eenes de t\u00e9l\u00e9vision, r\u00e9alisateurs, distributeurs, producteurs et ayants droit pour avoir donn\u00e9 leur accord pour la diffusion de ces films en ligne.<\/strong><\/h5>\n<h3><b>#RESTEZCHEZVOUS<\/b><\/h3>\n<\/div>\n<\/div>\n<\/div>\n<\/div>\n<\/div>\n<\/div>\n","protected":false},"excerpt":{"rendered":"<p>Int\u00e9rieur Court Des s\u00e9ances de courts m\u00e9trages en live ! &nbsp; Apr\u00e8s la premi\u00e8re op\u00e9ration d&#8217;&#8221;Int\u00e9rieur Court&#8221; mettant \u00e0 disposition les courts m\u00e9trages des \u00e9tudiants de l&#8217;\u00e9cole ArtFX (voir ici) ...<\/p>","protected":false},"author":1,"featured_media":3171,"comment_status":"open","ping_status":"closed","template":"","meta":[],"tags":[],"tribe_events_cat":[293],"_links":{"self":[{"href":"https:\/\/paroles-de-bibs.org\/index.php?rest_route=\/wp\/v2\/tribe_events\/3190"}],"collection":[{"href":"https:\/\/paroles-de-bibs.org\/index.php?rest_route=\/wp\/v2\/tribe_events"}],"about":[{"href":"https:\/\/paroles-de-bibs.org\/index.php?rest_route=\/wp\/v2\/types\/tribe_events"}],"author":[{"embeddable":true,"href":"https:\/\/paroles-de-bibs.org\/index.php?rest_route=\/wp\/v2\/users\/1"}],"replies":[{"embeddable":true,"href":"https:\/\/paroles-de-bibs.org\/index.php?rest_route=%2Fwp%2Fv2%2Fcomments&post=3190"}],"version-history":[{"count":6,"href":"https:\/\/paroles-de-bibs.org\/index.php?rest_route=\/wp\/v2\/tribe_events\/3190\/revisions"}],"predecessor-version":[{"id":3196,"href":"https:\/\/paroles-de-bibs.org\/index.php?rest_route=\/wp\/v2\/tribe_events\/3190\/revisions\/3196"}],"wp:featuredmedia":[{"embeddable":true,"href":"https:\/\/paroles-de-bibs.org\/index.php?rest_route=\/wp\/v2\/media\/3171"}],"wp:attachment":[{"href":"https:\/\/paroles-de-bibs.org\/index.php?rest_route=%2Fwp%2Fv2%2Fmedia&parent=3190"}],"wp:term":[{"taxonomy":"post_tag","embeddable":true,"href":"https:\/\/paroles-de-bibs.org\/index.php?rest_route=%2Fwp%2Fv2%2Ftags&post=3190"},{"taxonomy":"tribe_events_cat","embeddable":true,"href":"https:\/\/paroles-de-bibs.org\/index.php?rest_route=%2Fwp%2Fv2%2Ftribe_events_cat&post=3190"}],"curies":[{"name":"wp","href":"https:\/\/api.w.org\/{rel}","templated":true}]}}