{"id":3181,"date":"2020-04-05T17:20:47","date_gmt":"2020-04-05T15:20:47","guid":{"rendered":"http:\/\/paroles-de-bibs.org\/?post_type=tribe_events&#038;p=3181"},"modified":"2020-04-05T17:20:47","modified_gmt":"2020-04-05T15:20:47","slug":"des-seances-de-courts-metrages-en-live-2","status":"publish","type":"tribe_events","link":"https:\/\/paroles-de-bibs.org\/?tribe_events=des-seances-de-courts-metrages-en-live-2","title":{"rendered":"Des s\u00e9ances de courts m\u00e9trages en live !"},"content":{"rendered":"<div class=\"fl-col fl-node-5e8775c36bb68 fl-col-has-cols\" data-node=\"5e8775c36bb68\">\n<div class=\"fl-col-content fl-node-content\">\n<div class=\"fl-col-group fl-node-5e8775c36bb69 fl-col-group-nested\" data-node=\"5e8775c36bb69\">\n<div class=\"fl-col fl-node-5e8775c36bb6c fl-col-small\" data-node=\"5e8775c36bb6c\">\n<div class=\"fl-col-content fl-node-content\">\n<div class=\"fl-module fl-module-rich-text fl-node-5e8775c36bb6d\" data-node=\"5e8775c36bb6d\">\n<div class=\"fl-module-content fl-node-content\">\n<div class=\"fl-rich-text\">\n<h1><strong>Des s\u00e9ances de courts m\u00e9trages en live !<\/strong><\/h1>\n<p>&nbsp;<\/p>\n<p>Apr\u00e8s la premi\u00e8re op\u00e9ration d'&#8221;Int\u00e9rieur Court&#8221; mettant \u00e0 disposition les courts m\u00e9trages des \u00e9tudiants de l&#8217;\u00e9cole ArtFX (<a href=\"https:\/\/www.clermont-filmfest.org\/circuits-de-diffusion\/interieur-court\/\"><u>voir ici<\/u><\/a>) diffus\u00e9s lors de la derni\u00e8re \u00e9dition du festival, l&#8217;\u00e9quipe de Sauve qui peut le court m\u00e9trage se mobilise \u00e0 nouveau pour vous proposer une s\u00e9ance, en direct cette fois.<\/p>\n<p>4 programmes th\u00e9matiques ont \u00e9t\u00e9 \u00e9labor\u00e9s afin de vous permettre de partager une s\u00e9ance de courts m\u00e9trages tous ensemble et en respectant les mesures du confinement. Diffus\u00e9s en direct via le compte du festival sur la plateforme de live-stream <a href=\"https:\/\/www.twitch.tv\/clermontfilmfest\"><u>Twitch<\/u><\/a> (une premi\u00e8re mondiale !), vous aurez l&#8217;occasion de visionner ces programmes dans les conditions d&#8217;une s\u00e9ance de cin\u00e9ma virtuelle !<\/p>\n<p>Chaque semaine, nous vous proposerons donc un nouveau programme qui sera diffus\u00e9 en direct 2 fois : <strong>le jeudi et le dimanche \u00e0 18h<\/strong>. Ne loupez pas le cr\u00e9neau et passez le mot : il n&#8217;y a pas de limitation de places !<\/p>\n<p>&nbsp;<\/p>\n<h1 class=\"fl-heading\"><span class=\"fl-heading-text\">S\u00e9ance 2 : Courts sur pattes<\/span><\/h1>\n<div class=\"fl-module fl-module-rich-text fl-node-5e8775c36bb63 fl-animation fl-slide-left fl-animated\" data-node=\"5e8775c36bb63\" data-animation-delay=\"0.1\">\n<div class=\"fl-module-content fl-node-content\">\n<div class=\"fl-rich-text\">\n<h3>Voyons ce qu&#8217;ont \u00e0 nous dire nos amies les b\u00eates&#8230;<\/h3>\n<h5><b>Assistez \u00e0 cette s\u00e9ance en direct sur Twitch jeudi 9\u00a0et dimanche 12\u00a0avril \u00e0 18h p\u00e9tantes !<\/b><\/h5>\n<p>&nbsp;<\/p>\n<\/div>\n<\/div>\n<\/div>\n<ul>\n<li><strong><a href=\"http:\/\/my.clermont-filmfest.com\/index.php?&amp;m=213&amp;c=3&amp;id_film=200066358&amp;o=88\">Boogaloo &amp; Graham<\/a><\/strong><\/li>\n<\/ul>\n<div class=\"fl-col fl-node-5e8775c36bb6a fl-col-small\" data-node=\"5e8775c36bb6a\">\n<div class=\"fl-col-content fl-node-content\">\n<div class=\"fl-module fl-module-photo fl-node-5e8775c36bb6b\" data-node=\"5e8775c36bb6b\">\n<div class=\"fl-module-content fl-node-content\">\n<div class=\"fl-photo fl-photo-crop-panorama fl-photo-align-center\">\n<div class=\"fl-photo-content fl-photo-img-jpg\"><img loading=\"lazy\" class=\"fl-photo-img wp-image-18652 alignleft\" title=\"boogaloo\" src=\"https:\/\/www.clermont-filmfest.org\/wp-content\/uploads\/bb-plugin\/cache\/boogaloo-1024x579-panorama.jpg\" alt=\"boogaloo\" width=\"363\" height=\"182\" \/><\/div>\n<\/div>\n<\/div>\n<\/div>\n<\/div>\n<\/div>\n<p><a href=\"http:\/\/my.clermont-filmfest.com\/index.php?m=213&amp;c=4&amp;o=88&amp;id_pers=100274328\">Michael Lennox<\/a> \/ Royaume-Uni \/ 2014 \/ Fiction \/ 14&#8242;<\/p>\n<p>Jamesy et Malachy sont aux anges quand leur p\u00e8re leur confie<\/p>\n<p>deux petits poussins. Mais les deux gar\u00e7ons sont troubl\u00e9s lorsque leurs parents leur annoncent que la famille va conna\u00eetre de grands changements.<\/p>\n<p>&nbsp;<\/p>\n<p>&nbsp;<\/p>\n<\/div>\n<\/div>\n<\/div>\n<\/div>\n<\/div>\n<p>&nbsp;<\/p>\n<\/div>\n<div class=\"fl-col-group fl-node-5e8775c36bb6e fl-col-group-nested\" data-node=\"5e8775c36bb6e\">\n<div class=\"fl-col fl-node-5e8775c36bb71 fl-col-small\" data-node=\"5e8775c36bb71\">\n<div class=\"fl-col-content fl-node-content\">\n<div class=\"fl-module fl-module-rich-text fl-node-5e8775c36bb72\" data-node=\"5e8775c36bb72\">\n<div class=\"fl-module-content fl-node-content\">\n<div class=\"fl-rich-text\">\n<h4><\/h4>\n<h4><\/h4>\n<h4><\/h4>\n<ul>\n<li><strong><a href=\"http:\/\/my.clermont-filmfest.com\/index.php?&amp;m=226&amp;c=3&amp;id_film=200064287&amp;o=88&amp;m=213\">Working with Animals (Travailler avec des animaux)<\/a><\/strong><\/li>\n<\/ul>\n<div class=\"fl-col fl-node-5e8775c36bb6f fl-col-small\" data-node=\"5e8775c36bb6f\">\n<div class=\"fl-col-content fl-node-content\">\n<div class=\"fl-module fl-module-photo fl-node-5e8775c36bb70\" data-node=\"5e8775c36bb70\">\n<div class=\"fl-module-content fl-node-content\">\n<div class=\"fl-photo fl-photo-crop-panorama fl-photo-align-center\">\n<div class=\"fl-photo-content fl-photo-img-jpg\"><img loading=\"lazy\" class=\"fl-photo-img wp-image-18662 alignleft\" title=\"working\" src=\"https:\/\/www.clermont-filmfest.org\/wp-content\/uploads\/bb-plugin\/cache\/working-1024x576-panorama.jpg\" alt=\"working\" width=\"393\" height=\"197\" \/><\/div>\n<\/div>\n<\/div>\n<\/div>\n<\/div>\n<\/div>\n<p><a href=\"http:\/\/my.clermont-filmfest.com\/index.php?m=213&amp;c=4&amp;o=88&amp;id_pers=100257024\">Marc Reisbig<\/a> \/ Norv\u00e8ge \/ 2016 \/ Fiction \/ 04&#8242;<\/p>\n<p>Comp\u00e9tition internationale Clermont-Fd 2017<\/p>\n<p>Histoire d&#8217;un r\u00e9alisateur de documentaires animaliers qui aimerait bien que les b\u00eates sauvages lui ob\u00e9issent au doigt et \u00e0 l&#8217;\u0153il.<\/p>\n<p>&nbsp;<\/p>\n<p>&nbsp;<\/p>\n<p>&nbsp;<\/p>\n<\/div>\n<\/div>\n<\/div>\n<\/div>\n<\/div>\n<\/div>\n<div class=\"fl-col-group fl-node-5e8775c36bb73 fl-col-group-nested\" data-node=\"5e8775c36bb73\">\n<div class=\"fl-col fl-node-5e8775c36bb76 fl-col-small\" data-node=\"5e8775c36bb76\">\n<div class=\"fl-col-content fl-node-content\">\n<div class=\"fl-module fl-module-rich-text fl-node-5e8775c36bb77\" data-node=\"5e8775c36bb77\">\n<div class=\"fl-module-content fl-node-content\">\n<div class=\"fl-rich-text\">\n<h4><\/h4>\n<h4><\/h4>\n<h4><\/h4>\n<h4><\/h4>\n<ul>\n<li><strong><a href=\"http:\/\/my.clermont-filmfest.com\/index.php?&amp;m=213&amp;c=3&amp;id_film=200053985&amp;o=88\">Accidents, Blunders and Calamities (Accidents, gaffes et calamit\u00e9s)<\/a><\/strong><\/li>\n<\/ul>\n<p>&nbsp;<\/p>\n<div class=\"fl-col fl-node-5e8775c36bb74 fl-col-small\" data-node=\"5e8775c36bb74\">\n<div class=\"fl-col-content fl-node-content\">\n<div class=\"fl-module fl-module-photo fl-node-5e8775c36bb75\" data-node=\"5e8775c36bb75\">\n<div class=\"fl-module-content fl-node-content\">\n<div class=\"fl-photo fl-photo-crop-panorama fl-photo-align-center\">\n<div class=\"fl-photo-content fl-photo-img-jpg\"><img loading=\"lazy\" class=\"fl-photo-img wp-image-18650 alignleft\" title=\"accidents_blunder_and_calamities_cunningham_v1\" src=\"https:\/\/www.clermont-filmfest.org\/wp-content\/uploads\/bb-plugin\/cache\/accidents_blunder_and_calamities_cunningham_v1-1024x576-panorama.jpg\" alt=\"accidents_blunder_and_calamities_cunningham_v1\" width=\"390\" height=\"195\" \/><\/div>\n<\/div>\n<\/div>\n<\/div>\n<\/div>\n<\/div>\n<p><a href=\"http:\/\/my.clermont-filmfest.com\/index.php?m=213&amp;c=4&amp;o=88&amp;id_pers=100032504\">James Cunningham<\/a> \/ Nouvelle-Z\u00e9lande \/ 2015 \/ Fiction anim\u00e9e \/ 05&#8242;<\/p>\n<p>Comp\u00e9tition internationale Clermont-Fd 2016<\/p>\n<p>Un papa opossum met ses enfants en garde contre le plus terrible des animaux &#8211; l&#8217;humain ! Une com\u00e9die pour petits et grands qui \u00e9voque la tyrannie mortelle exerc\u00e9e par les hommes sur les animaux.<\/p>\n<p>&nbsp;<\/p>\n<p>&nbsp;<\/p>\n<p>&nbsp;<\/p>\n<\/div>\n<\/div>\n<\/div>\n<\/div>\n<\/div>\n<\/div>\n<div class=\"fl-col-group fl-node-5e8775c36bb78 fl-col-group-nested\" data-node=\"5e8775c36bb78\">\n<div class=\"fl-col fl-node-5e8775c36bb7b fl-col-small\" data-node=\"5e8775c36bb7b\">\n<div class=\"fl-col-content fl-node-content\">\n<div class=\"fl-module fl-module-rich-text fl-node-5e8775c36bb7c\" data-node=\"5e8775c36bb7c\">\n<div class=\"fl-module-content fl-node-content\">\n<div class=\"fl-rich-text\">\n<h4><\/h4>\n<h4><\/h4>\n<h4><\/h4>\n<ul>\n<li><strong><a href=\"http:\/\/my.clermont-filmfest.com\/index.php?&amp;m=226&amp;c=3&amp;id_film=200051312&amp;o=88&amp;m=213\">L&#8217;ours noir<\/a><\/strong><\/li>\n<\/ul>\n<p>&nbsp;<\/p>\n<div class=\"fl-col fl-node-5e8775c36bb79 fl-col-small\" data-node=\"5e8775c36bb79\">\n<div class=\"fl-col-content fl-node-content\">\n<div class=\"fl-module fl-module-photo fl-node-5e8775c36bb7a\" data-node=\"5e8775c36bb7a\">\n<div class=\"fl-module-content fl-node-content\">\n<div class=\"fl-photo fl-photo-crop-panorama fl-photo-align-center\">\n<div class=\"fl-photo-content fl-photo-img-jpg\"><img loading=\"lazy\" class=\"fl-photo-img wp-image-18658 alignleft\" title=\"oursnoir\" src=\"https:\/\/www.clermont-filmfest.org\/wp-content\/uploads\/bb-plugin\/cache\/oursnoir-1024x791-panorama.jpg\" alt=\"oursnoir\" width=\"419\" height=\"210\" \/><\/div>\n<\/div>\n<\/div>\n<\/div>\n<\/div>\n<\/div>\n<p><a href=\"http:\/\/my.clermont-filmfest.com\/index.php?m=213&amp;c=4&amp;o=88&amp;id_pers=100062771\">M\u00e9ryl Fortunat Rossi<\/a>, <a href=\"http:\/\/my.clermont-filmfest.com\/index.php?m=213&amp;c=4&amp;o=88&amp;id_pers=100191759\">Xavier Seron<\/a> \/ France, Belgique \/ 2015 \/ Fiction \/ 15&#8242;<\/p>\n<p>Comp\u00e9tition nationale Clermont-Fd 2016<\/p>\n<p>R\u00e8gle n\u00b01 : Ne nourrissez jamais les ours. R\u00e8gle n\u00b02 : Ne vous approchez pas \u00e0 moins de 100 m\u00e8tres. R\u00e8gle n\u00b03 : \u00c9vitez de surprendre l&#8217;ours. R\u00e8gle n\u00b04 : Gardez toujours votre chien en laisse.<\/p>\n<p>&nbsp;<\/p>\n<\/div>\n<p>&nbsp;<\/p>\n<div class=\"fl-rich-text\">\n<p>&nbsp;<\/p>\n<\/div>\n<\/div>\n<\/div>\n<\/div>\n<\/div>\n<\/div>\n<div class=\"fl-col-group fl-node-5e8775c36bb7d fl-col-group-nested\" data-node=\"5e8775c36bb7d\">\n<div class=\"fl-col fl-node-5e8775c36bb80 fl-col-small\" data-node=\"5e8775c36bb80\">\n<div class=\"fl-col-content fl-node-content\">\n<div class=\"fl-module fl-module-rich-text fl-node-5e8775c36bb81\" data-node=\"5e8775c36bb81\">\n<div class=\"fl-module-content fl-node-content\">\n<div class=\"fl-rich-text\">\n<h4><\/h4>\n<h4><\/h4>\n<ul>\n<li><strong><a href=\"http:\/\/my.clermont-filmfest.com\/index.php?&amp;m=213&amp;c=3&amp;id_film=200076938&amp;o=88\">Chien bleu<\/a><\/strong><\/li>\n<\/ul>\n<p>&nbsp;<\/p>\n<div class=\"fl-col fl-node-5e8775c36bb7e fl-col-small\" data-node=\"5e8775c36bb7e\">\n<div class=\"fl-col-content fl-node-content\">\n<div class=\"fl-module fl-module-photo fl-node-5e8775c36bb7f\" data-node=\"5e8775c36bb7f\">\n<div class=\"fl-module-content fl-node-content\">\n<div class=\"fl-photo fl-photo-crop-panorama fl-photo-align-center\">\n<div class=\"fl-photo-content fl-photo-img-jpg\"><img loading=\"lazy\" class=\"fl-photo-img wp-image-18654 alignleft\" title=\"chienbleugrand\" src=\"https:\/\/www.clermont-filmfest.org\/wp-content\/uploads\/bb-plugin\/cache\/chienbleugrand-1024x429-panorama.jpg\" alt=\"chienbleugrand\" width=\"362\" height=\"181\" \/><\/div>\n<\/div>\n<\/div>\n<\/div>\n<\/div>\n<\/div>\n<p><a href=\"http:\/\/my.clermont-filmfest.com\/index.php?m=213&amp;c=4&amp;o=88&amp;id_pers=100473601\">Fanny Liatard<\/a>, <a href=\"http:\/\/my.clermont-filmfest.com\/index.php?m=213&amp;c=4&amp;o=88&amp;id_pers=100421500\">J\u00e9r\u00e9my Trouilh<\/a> \/ France \/ 2018 \/ Fiction \/ 17&#8242;<\/p>\n<p>Comp\u00e9titions nationale et internationale Clermont-Fd 2019<\/p>\n<p>\u00c9mile a peur du monde ext\u00e9rieur. Il reste clo\u00eetr\u00e9 chez lui et peint tout ce qui l&#8217;entoure en bleu, pour se rassurer. Une nuit, son fils Yoann rencontre Soraya, une jeune femme f\u00e9rue de danse tamoule. Elle va l&#8217;aider \u00e0 trouver la bonne couleur.<\/p>\n<p>&nbsp;<\/p>\n<p>&nbsp;<\/p>\n<\/div>\n<\/div>\n<\/div>\n<\/div>\n<\/div>\n<\/div>\n<div class=\"fl-col-group fl-node-5e8775c36bb82 fl-col-group-nested\" data-node=\"5e8775c36bb82\">\n<div class=\"fl-col fl-node-5e8775c36bb85 fl-col-small\" data-node=\"5e8775c36bb85\">\n<div class=\"fl-col-content fl-node-content\">\n<div class=\"fl-module fl-module-rich-text fl-node-5e8775c36bb86\" data-node=\"5e8775c36bb86\">\n<div class=\"fl-module-content fl-node-content\">\n<div class=\"fl-rich-text\">\n<h4><\/h4>\n<h4><\/h4>\n<h4><\/h4>\n<ul>\n<li><strong><a href=\"http:\/\/my.clermont-filmfest.com\/index.php?&amp;m=226&amp;c=3&amp;id_film=200065787&amp;o=88&amp;m=213\">Garden Party<\/a><\/strong><\/li>\n<\/ul>\n<p>&nbsp;<\/p>\n<div class=\"fl-col fl-node-5e8775c36bb83 fl-col-small\" data-node=\"5e8775c36bb83\">\n<div class=\"fl-col-content fl-node-content\">\n<div class=\"fl-module fl-module-photo fl-node-5e8775c36bb84\" data-node=\"5e8775c36bb84\">\n<div class=\"fl-module-content fl-node-content\">\n<div class=\"fl-photo fl-photo-crop-panorama fl-photo-align-center\">\n<div class=\"fl-photo-content fl-photo-img-jpg\"><img loading=\"lazy\" class=\"fl-photo-img wp-image-18656 alignleft\" title=\"Garden_Party\" src=\"https:\/\/www.clermont-filmfest.org\/wp-content\/uploads\/bb-plugin\/cache\/Garden_Party-1024x576-panorama.jpg\" alt=\"Garden_Party\" width=\"380\" height=\"190\" \/><\/div>\n<\/div>\n<\/div>\n<\/div>\n<\/div>\n<\/div>\n<p><a href=\"http:\/\/my.clermont-filmfest.com\/index.php?m=213&amp;c=4&amp;o=88&amp;id_pers=100528673\">Vincent Bayoux<\/a>, <a href=\"http:\/\/my.clermont-filmfest.com\/index.php?m=213&amp;c=4&amp;o=88&amp;id_pers=100528676\">Gabriel Grapperon<\/a>, <a href=\"http:\/\/my.clermont-filmfest.com\/index.php?m=213&amp;c=4&amp;o=88&amp;id_pers=100528677\">Lucas Navarro<\/a>, <a href=\"http:\/\/my.clermont-filmfest.com\/index.php?m=213&amp;c=4&amp;o=88&amp;id_pers=100528674\">Victor Caire<\/a>, <a href=\"http:\/\/my.clermont-filmfest.com\/index.php?m=213&amp;c=4&amp;o=88&amp;id_pers=100528678\">Florian Babikian<\/a>, <a href=\"http:\/\/my.clermont-filmfest.com\/index.php?m=213&amp;c=4&amp;o=88&amp;id_pers=100528675\">Th\u00e9ophile Dufresne<\/a> \/ France \/ 2016 \/ Fiction anim\u00e9e \/ 07&#8242;<\/p>\n<p>\ud83c\udfc6 Mention sp\u00e9ciale du jury national Clermont-Fd 2017<\/p>\n<p>Dans une villa abandonn\u00e9e, des amphibiens explorent les environs, pouss\u00e9s par leurs instincts primaires.<\/p>\n<p>&nbsp;<\/p>\n<\/div>\n<p>&nbsp;<\/p>\n<div class=\"fl-rich-text\">\n<p>&nbsp;<\/p>\n<\/div>\n<\/div>\n<\/div>\n<\/div>\n<\/div>\n<\/div>\n<div class=\"fl-col-group fl-node-5e8775c36bb87 fl-col-group-nested\" data-node=\"5e8775c36bb87\">\n<div class=\"fl-col fl-node-5e8775c36bb8a fl-col-small\" data-node=\"5e8775c36bb8a\">\n<div class=\"fl-col-content fl-node-content\">\n<div class=\"fl-module fl-module-rich-text fl-node-5e8775c36bb8b\" data-node=\"5e8775c36bb8b\">\n<div class=\"fl-module-content fl-node-content\">\n<div class=\"fl-rich-text\">\n<h4><\/h4>\n<h4><\/h4>\n<h4><\/h4>\n<ul>\n<li><strong><a href=\"http:\/\/my.clermont-filmfest.com\/index.php?&amp;m=213&amp;c=3&amp;id_film=200082059&amp;o=88\">The Ostrich Politic (La politique de l&#8217;autruche)<\/a><\/strong><\/li>\n<\/ul>\n<p>&nbsp;<\/p>\n<div class=\"fl-col fl-node-5e8775c36bb88 fl-col-small\" data-node=\"5e8775c36bb88\">\n<div class=\"fl-col-content fl-node-content\">\n<div class=\"fl-module fl-module-photo fl-node-5e8775c36bb89\" data-node=\"5e8775c36bb89\">\n<div class=\"fl-module-content fl-node-content\">\n<div class=\"fl-photo fl-photo-crop-panorama fl-photo-align-center\">\n<div class=\"fl-photo-content fl-photo-img-jpg\"><img loading=\"lazy\" class=\"fl-photo-img wp-image-18660 alignleft\" title=\"The-Ostrich-politic-6\" src=\"https:\/\/www.clermont-filmfest.org\/wp-content\/uploads\/bb-plugin\/cache\/The-Ostrich-politic-6-1024x438-panorama.jpg\" alt=\"The-Ostrich-politic-6\" width=\"376\" height=\"188\" \/><\/div>\n<\/div>\n<\/div>\n<\/div>\n<\/div>\n<\/div>\n<p><a href=\"http:\/\/my.clermont-filmfest.com\/index.php?m=213&amp;c=4&amp;o=88&amp;id_pers=100584900\">Mohammad Houhou<\/a> \/ France \/ 2018 \/ Fiction anim\u00e9e \/ 06&#8242;<\/p>\n<p>Comp\u00e9tition nationale Clermont-Fd 2019<\/p>\n<p>Les autruches continuent leurs activit\u00e9s quotidiennes enterrant leurs t\u00eates, croyant qu&#8217;il s&#8217;agit d&#8217;un comportement instinctif. Cependant un jour, la recherche d&#8217;un phylog\u00e9n\u00e9ticien, docteur Kays, prouve le contraire.<\/p>\n<p>&nbsp;<\/p>\n<p>&nbsp;<\/p>\n<\/div>\n<p>&nbsp;<\/p>\n<p>&nbsp;<\/p>\n<div class=\"fl-rich-text\">\n<p>&nbsp;<\/p>\n<\/div>\n<\/div>\n<\/div>\n<div class=\"fl-module fl-module-button fl-node-5e8775c36bb64\" data-node=\"5e8775c36bb64\">\n<div class=\"fl-module-content fl-node-content\">\n<div><\/div>\n<div><\/div>\n<div><\/div>\n<div><img loading=\"lazy\" class=\"aligncenter\" src=\"http:\/\/3s9l.mj.am\/img\/3s9l\/b\/m68k5\/vv2jx.jpeg\" alt=\"\" width=\"550\" height=\"auto\" \/><\/div>\n<div><\/div>\n<div class=\"fl-button-wrap fl-button-width-full fl-button-left fl-button-has-icon\" style=\"text-align: center;\"><strong><span style=\"color: #ff0000; font-size: 18pt;\"><a class=\"fl-button\" style=\"color: #ff0000;\" role=\"button\" href=\"https:\/\/www.twitch.tv\/clermontfilmfest\" target=\"_blank\" rel=\"noopener noreferrer\">\u00a0<i class=\"fl-button-icon fl-button-icon-before fas fa-play\"><\/i> <span class=\"fl-button-text\">Acc\u00e9der \u00e0 la s\u00e9ance en live<\/span> <\/a><\/span><\/strong><\/div>\n<\/div>\n<\/div>\n<div class=\"fl-module fl-module-rich-text fl-node-5e8775c36bb65\" data-node=\"5e8775c36bb65\">\n<div class=\"fl-module-content fl-node-content\">\n<div class=\"fl-rich-text\"><\/div>\n<\/div>\n<\/div>\n<div class=\"fl-countdown-number fl-countdown-minutes\">\n<div class=\"fl-countdown-unit\"><\/div>\n<\/div>\n<div class=\"fl-module fl-module-countdown fl-node-5e8775c36bb66\" data-node=\"5e8775c36bb66\">\n<div class=\"fl-module-content fl-node-content\">\n<div class=\"fl-countdown\">\n<div class=\"fl-countdown-number fl-countdown-seconds\">\n<div class=\"fl-countdown-circle-container\">\n<div class=\"svg-container\"><\/div>\n<\/div>\n<\/div>\n<\/div>\n<\/div>\n<\/div>\n<div class=\"fl-module fl-module-rich-text fl-node-5e8775c36bb67 fl-animation fl-slide-left fl-animated\" data-node=\"5e8775c36bb67\" data-animation-delay=\"0.1\">\n<div class=\"fl-module-content fl-node-content\">\n<div class=\"fl-rich-text\">\n<h5><em>Nul besoin de se cr\u00e9er un compte, il suffit de rendre sur cette page pour profiter de la s\u00e9ance en direct aux cr\u00e9neaux indiqu\u00e9s ci-dessus. Pour communiquer en live via le chat de Twitch (optionnel), il suffit de s&#8217;inscrire sur la plateforme en cliquant sur le bouton &#8220;S&#8217;inscrire&#8221; en haut \u00e0 droite.<\/em><\/h5>\n<p>&nbsp;<\/p>\n<h5><strong>Merci aux cha\u00eenes de t\u00e9l\u00e9vision, r\u00e9alisateurs, distributeurs, producteurs et ayants droit pour avoir donn\u00e9 leur accord pour la diffusion de ces films en ligne.<\/strong><\/h5>\n<p>&nbsp;<\/p>\n<\/div>\n<\/div>\n<\/div>\n<\/div>\n<\/div>\n<\/div>\n<\/div>\n<\/div>\n","protected":false},"excerpt":{"rendered":"<p>Des s\u00e9ances de courts m\u00e9trages en live ! &nbsp; Apr\u00e8s la premi\u00e8re op\u00e9ration d&#8217;&#8221;Int\u00e9rieur Court&#8221; mettant \u00e0 disposition les courts m\u00e9trages des \u00e9tudiants de l&#8217;\u00e9cole ArtFX (voir ici) diffus\u00e9s lors ...<\/p>","protected":false},"author":1,"featured_media":3171,"comment_status":"open","ping_status":"closed","template":"","meta":[],"tags":[],"tribe_events_cat":[293],"_links":{"self":[{"href":"https:\/\/paroles-de-bibs.org\/index.php?rest_route=\/wp\/v2\/tribe_events\/3181"}],"collection":[{"href":"https:\/\/paroles-de-bibs.org\/index.php?rest_route=\/wp\/v2\/tribe_events"}],"about":[{"href":"https:\/\/paroles-de-bibs.org\/index.php?rest_route=\/wp\/v2\/types\/tribe_events"}],"author":[{"embeddable":true,"href":"https:\/\/paroles-de-bibs.org\/index.php?rest_route=\/wp\/v2\/users\/1"}],"replies":[{"embeddable":true,"href":"https:\/\/paroles-de-bibs.org\/index.php?rest_route=%2Fwp%2Fv2%2Fcomments&post=3181"}],"version-history":[{"count":8,"href":"https:\/\/paroles-de-bibs.org\/index.php?rest_route=\/wp\/v2\/tribe_events\/3181\/revisions"}],"predecessor-version":[{"id":3189,"href":"https:\/\/paroles-de-bibs.org\/index.php?rest_route=\/wp\/v2\/tribe_events\/3181\/revisions\/3189"}],"wp:featuredmedia":[{"embeddable":true,"href":"https:\/\/paroles-de-bibs.org\/index.php?rest_route=\/wp\/v2\/media\/3171"}],"wp:attachment":[{"href":"https:\/\/paroles-de-bibs.org\/index.php?rest_route=%2Fwp%2Fv2%2Fmedia&parent=3181"}],"wp:term":[{"taxonomy":"post_tag","embeddable":true,"href":"https:\/\/paroles-de-bibs.org\/index.php?rest_route=%2Fwp%2Fv2%2Ftags&post=3181"},{"taxonomy":"tribe_events_cat","embeddable":true,"href":"https:\/\/paroles-de-bibs.org\/index.php?rest_route=%2Fwp%2Fv2%2Ftribe_events_cat&post=3181"}],"curies":[{"name":"wp","href":"https:\/\/api.w.org\/{rel}","templated":true}]}}